{"id":237,"date":"2016-05-10T16:50:12","date_gmt":"2016-05-10T16:50:12","guid":{"rendered":"http:\/\/www.petitimitja.com\/ca\/?page_id=237"},"modified":"2023-12-22T11:39:51","modified_gmt":"2023-12-22T11:39:51","slug":"empresa","status":"publish","type":"page","link":"https:\/\/www.petitimitja.com\/ca\/empresa\/","title":{"rendered":"Empresa"},"content":{"rendered":"<p>[et_pb_section admin_label=\u00bbSection\u00bb fullwidth=\u00bbon\u00bb specialty=\u00bboff\u00bb background_image=\u00bbhttps:\/\/www.petitimitja.com\/wp-content\/uploads\/2016\/03\/header_petitmitja.jpg\u00bb transparent_background=\u00bboff\u00bb allow_player_pause=\u00bboff\u00bb inner_shadow=\u00bboff\u00bb parallax=\u00bboff\u00bb parallax_method=\u00bboff\u00bb padding_mobile=\u00bboff\u00bb make_fullwidth=\u00bboff\u00bb use_custom_width=\u00bboff\u00bb width_unit=\u00bbon\u00bb make_equal=\u00bboff\u00bb use_custom_gutter=\u00bboff\u00bb module_class=\u00bbheader_box\u00bb][et_pb_fullwidth_header admin_label=\u00bbFullwidth Header\u00bb title=\u00bbLa empresa\u00bb background_layout=\u00bbdark\u00bb text_orientation=\u00bbleft\u00bb header_fullscreen=\u00bboff\u00bb header_scroll_down=\u00bboff\u00bb parallax=\u00bboff\u00bb parallax_method=\u00bboff\u00bb content_orientation=\u00bbcenter\u00bb image_orientation=\u00bbcenter\u00bb custom_button_one=\u00bboff\u00bb button_one_letter_spacing=\u00bb0&#8243; button_one_use_icon=\u00bbdefault\u00bb button_one_icon_placement=\u00bbright\u00bb button_one_on_hover=\u00bbon\u00bb button_one_letter_spacing_hover=\u00bb0&#8243; custom_button_two=\u00bboff\u00bb button_two_letter_spacing=\u00bb0&#8243; button_two_use_icon=\u00bbdefault\u00bb button_two_icon_placement=\u00bbright\u00bb button_two_on_hover=\u00bbon\u00bb button_two_letter_spacing_hover=\u00bb0&#8243; title_font_color=\u00bb#ffffff\u00bb]<\/p>\n<p>[\/et_pb_fullwidth_header][\/et_pb_section][et_pb_section admin_label=\u00bbsection\u00bb][et_pb_row admin_label=\u00bbrow\u00bb][et_pb_column type=\u00bb2_3&#8243;][et_pb_image admin_label=\u00bbImage\u00bb src=\u00bbhttps:\/\/www.petitimitja.com\/wp-content\/uploads\/2016\/03\/globo_mudanza2.png\u00bb alt=\u00bbPetit i mitj\u00e0\u00bb title_text=\u00bbPetit i mitj\u00e0\u00bb show_in_lightbox=\u00bboff\u00bb url_new_window=\u00bboff\u00bb use_overlay=\u00bboff\u00bb animation=\u00bboff\u00bb sticky=\u00bboff\u00bb align=\u00bbleft\u00bb force_fullwidth=\u00bboff\u00bb always_center_on_mobile=\u00bbon\u00bb use_border_color=\u00bboff\u00bb border_color=\u00bb#ffffff\u00bb border_style=\u00bbsolid\u00bb]<\/p>\n<p>[\/et_pb_image][et_pb_text admin_label=\u00bbText\u00bb background_layout=\u00bblight\u00bb text_orientation=\u00bbleft\u00bb use_border_color=\u00bboff\u00bb border_color=\u00bb#ffffff\u00bb border_style=\u00bbsolid\u00bb]<\/p>\n<h2>Petit i mitj\u00e0<\/h2>\n<p><strong>L&#8217;abril de 1986<\/strong>, un grup de transportistes aut\u00f2noms amb experi\u00e8ncia i de <strong>professionalitat excel\u00b7lent<\/strong> van fundar la nostra Cooperativa. L&#8217;objectiu era millorar la qualitat actual i convencional. Avui continuem treballant amb la mateixa idea i amb nous coneixements que hem anat adquirint durant tots aquests anys.<\/p>\n<p>Ens dediquem al <strong>transport en general amb c\u00e0rregues completes<\/strong>, i ens especialitzem en algun tipus de serveis orientats a demanda dels clients. <strong>Duem a terme c\u00e0rregues i desc\u00e0rregues per tot Catalunya, Espanya o Europa, i assolim sempre un nivell de servei insuperable<\/strong>.<\/p>\n<p>[\/et_pb_text][\/et_pb_column][et_pb_column type=\u00bb1_3&#8243;][et_pb_cta admin_label=\u00bbCall To Action\u00bb title=\u00bb Mudances i transports especials\u00bb button_url=\u00bbhttps:\/\/www.petitimitja.com\/ca\/peticio-de-pressupost\/\u00bb url_new_window=\u00bboff\u00bb button_text=\u00bbDemana&#8217;ns pressupost\u00bb use_background_color=\u00bbon\u00bb background_color=\u00bb#caab4f\u00bb background_layout=\u00bbdark\u00bb text_orientation=\u00bbleft\u00bb use_border_color=\u00bboff\u00bb border_color=\u00bb#ffffff\u00bb border_style=\u00bbsolid\u00bb custom_button=\u00bbon\u00bb button_letter_spacing=\u00bb0&#8243; button_use_icon=\u00bbon\u00bb button_icon_placement=\u00bbright\u00bb button_on_hover=\u00bbon\u00bb button_letter_spacing_hover=\u00bb0&#8243; module_class=\u00bbbox_presupuesto\u00bb button_bg_color=\u00bb#00448d\u00bb button_border_width=\u00bb0&#8243; button_icon=\u00bb%%151%%\u00bb]<\/p>\n<p>Contacta amb nosaltres<br \/>\n<strong>649 469 736<\/strong><\/p>\n<p>[\/et_pb_cta][\/et_pb_column][\/et_pb_row][\/et_pb_section]<\/p>\n","protected":false},"excerpt":{"rendered":"<p>[et_pb_section admin_label=\u00bbSection\u00bb fullwidth=\u00bbon\u00bb specialty=\u00bboff\u00bb background_image=\u00bbhttps:\/\/www.petitimitja.com\/wp-content\/uploads\/2016\/03\/header_petitmitja.jpg\u00bb transparent_background=\u00bboff\u00bb allow_player_pause=\u00bboff\u00bb inner_shadow=\u00bboff\u00bb parallax=\u00bboff\u00bb parallax_method=\u00bboff\u00bb padding_mobile=\u00bboff\u00bb make_fullwidth=\u00bboff\u00bb use_custom_width=\u00bboff\u00bb width_unit=\u00bbon\u00bb make_equal=\u00bboff\u00bb use_custom_gutter=\u00bboff\u00bb module_class=\u00bbheader_box\u00bb][et_pb_fullwidth_header admin_label=\u00bbFullwidth Header\u00bb title=\u00bbLa empresa\u00bb background_layout=\u00bbdark\u00bb text_orientation=\u00bbleft\u00bb header_fullscreen=\u00bboff\u00bb header_scroll_down=\u00bboff\u00bb parallax=\u00bboff\u00bb parallax_method=\u00bboff\u00bb content_orientation=\u00bbcenter\u00bb image_orientation=\u00bbcenter\u00bb custom_button_one=\u00bboff\u00bb button_one_letter_spacing=\u00bb0&#8243; button_one_use_icon=\u00bbdefault\u00bb button_one_icon_placement=\u00bbright\u00bb button_one_on_hover=\u00bbon\u00bb button_one_letter_spacing_hover=\u00bb0&#8243; custom_button_two=\u00bboff\u00bb button_two_letter_spacing=\u00bb0&#8243; button_two_use_icon=\u00bbdefault\u00bb button_two_icon_placement=\u00bbright\u00bb button_two_on_hover=\u00bbon\u00bb button_two_letter_spacing_hover=\u00bb0&#8243; title_font_color=\u00bb#ffffff\u00bb] [\/et_pb_fullwidth_header][\/et_pb_section][et_pb_section admin_label=\u00bbsection\u00bb][et_pb_row admin_label=\u00bbrow\u00bb][et_pb_column type=\u00bb2_3&#8243;][et_pb_image admin_label=\u00bbImage\u00bb src=\u00bbhttps:\/\/www.petitimitja.com\/wp-content\/uploads\/2016\/03\/globo_mudanza2.png\u00bb alt=\u00bbPetit i mitj\u00e0\u00bb title_text=\u00bbPetit i mitj\u00e0\u00bb show_in_lightbox=\u00bboff\u00bb [&hellip;]<\/p>\n","protected":false},"author":2,"featured_media":0,"parent":0,"menu_order":0,"comment_status":"closed","ping_status":"closed","template":"","meta":{"_monsterinsights_skip_tracking":false,"_monsterinsights_sitenote_active":false,"_monsterinsights_sitenote_note":"","_monsterinsights_sitenote_category":0,"footnotes":""},"class_list":["post-237","page","type-page","status-publish","hentry"],"yoast_head":"<!-- This site is optimized with the Yoast SEO plugin v27.9 - https:\/\/yoast.com\/product\/yoast-seo-wordpress\/ -->\n<title>Empresa, Petit i Mitj\u00e0 mudanzas<\/title>\n<meta name=\"description\" content=\"Ens dediquem al transport en general amb c\u00e0rregues completes. Duem a terme c\u00e0rregues i desc\u00e0rregues per tot Catalunya, Espanya o Europa a un nivell insuperable\" \/>\n<meta name=\"robots\" content=\"index, follow, max-snippet:-1, max-image-preview:large, max-video-preview:-1\" \/>\n<link rel=\"canonical\" href=\"https:\/\/www.petitimitja.com\/ca\/empresa\/\" \/>\n<meta property=\"og:locale\" content=\"ca_ES\" \/>\n<meta property=\"og:type\" content=\"article\" \/>\n<meta property=\"og:title\" content=\"Empresa, Petit i Mitj\u00e0 mudanzas\" \/>\n<meta property=\"og:description\" content=\"Ens dediquem al transport en general amb c\u00e0rregues completes. Duem a terme c\u00e0rregues i desc\u00e0rregues per tot Catalunya, Espanya o Europa a un nivell insuperable\" \/>\n<meta property=\"og:url\" content=\"https:\/\/www.petitimitja.com\/ca\/empresa\/\" \/>\n<meta property=\"og:site_name\" content=\"Petit transport i mudances\" \/>\n<meta property=\"article:publisher\" content=\"https:\/\/www.facebook.com\/pages\/Petit-i-Mitja-Transport\/169380896435834\" \/>\n<meta property=\"article:modified_time\" content=\"2023-12-22T11:39:51+00:00\" \/>\n<meta name=\"twitter:card\" content=\"summary_large_image\" \/>\n<meta name=\"twitter:label1\" content=\"Temps estimat de lectura\" \/>\n\t<meta name=\"twitter:data1\" content=\"2 minuts\" \/>\n<script type=\"application\/ld+json\" class=\"yoast-schema-graph\">{\"@context\":\"https:\\\/\\\/schema.org\",\"@graph\":[{\"@type\":\"WebPage\",\"@id\":\"https:\\\/\\\/www.petitimitja.com\\\/ca\\\/empresa\\\/\",\"url\":\"https:\\\/\\\/www.petitimitja.com\\\/ca\\\/empresa\\\/\",\"name\":\"Empresa, Petit i Mitj\u00e0 mudanzas\",\"isPartOf\":{\"@id\":\"https:\\\/\\\/www.petitimitja.com\\\/#website\"},\"datePublished\":\"2016-05-10T16:50:12+00:00\",\"dateModified\":\"2023-12-22T11:39:51+00:00\",\"description\":\"Ens dediquem al transport en general amb c\u00e0rregues completes. Duem a terme c\u00e0rregues i desc\u00e0rregues per tot Catalunya, Espanya o Europa a un nivell insuperable\",\"breadcrumb\":{\"@id\":\"https:\\\/\\\/www.petitimitja.com\\\/ca\\\/empresa\\\/#breadcrumb\"},\"inLanguage\":\"ca\",\"potentialAction\":[{\"@type\":\"ReadAction\",\"target\":[\"https:\\\/\\\/www.petitimitja.com\\\/ca\\\/empresa\\\/\"]}]},{\"@type\":\"BreadcrumbList\",\"@id\":\"https:\\\/\\\/www.petitimitja.com\\\/ca\\\/empresa\\\/#breadcrumb\",\"itemListElement\":[{\"@type\":\"ListItem\",\"position\":1,\"name\":\"Home\",\"item\":\"https:\\\/\\\/www.petitimitja.com\\\/ca\\\/\"},{\"@type\":\"ListItem\",\"position\":2,\"name\":\"Empresa\"}]},{\"@type\":\"WebSite\",\"@id\":\"https:\\\/\\\/www.petitimitja.com\\\/#website\",\"url\":\"https:\\\/\\\/www.petitimitja.com\\\/\",\"name\":\"Petit transport i mudances\",\"description\":\"Servicios de transporte para empresas y particulares\",\"publisher\":{\"@id\":\"https:\\\/\\\/www.petitimitja.com\\\/#organization\"},\"potentialAction\":[{\"@type\":\"SearchAction\",\"target\":{\"@type\":\"EntryPoint\",\"urlTemplate\":\"https:\\\/\\\/www.petitimitja.com\\\/?s={search_term_string}\"},\"query-input\":{\"@type\":\"PropertyValueSpecification\",\"valueRequired\":true,\"valueName\":\"search_term_string\"}}],\"inLanguage\":\"ca\"},{\"@type\":\"Organization\",\"@id\":\"https:\\\/\\\/www.petitimitja.com\\\/#organization\",\"name\":\"Cooperativa Petit i Mitj\u00e0\",\"url\":\"https:\\\/\\\/www.petitimitja.com\\\/\",\"logo\":{\"@type\":\"ImageObject\",\"inLanguage\":\"ca\",\"@id\":\"https:\\\/\\\/www.petitimitja.com\\\/#\\\/schema\\\/logo\\\/image\\\/\",\"url\":\"https:\\\/\\\/www.petitimitja.com\\\/wp-content\\\/uploads\\\/2016\\\/03\\\/logo_petit_transport_i_mudances.png\",\"contentUrl\":\"https:\\\/\\\/www.petitimitja.com\\\/wp-content\\\/uploads\\\/2016\\\/03\\\/logo_petit_transport_i_mudances.png\",\"width\":321,\"height\":126,\"caption\":\"Cooperativa Petit i Mitj\u00e0\"},\"image\":{\"@id\":\"https:\\\/\\\/www.petitimitja.com\\\/#\\\/schema\\\/logo\\\/image\\\/\"},\"sameAs\":[\"https:\\\/\\\/www.facebook.com\\\/pages\\\/Petit-i-Mitja-Transport\\\/169380896435834\"]}]}<\/script>\n<!-- \/ Yoast SEO plugin. -->","yoast_head_json":{"title":"Empresa, Petit i Mitj\u00e0 mudanzas","description":"Ens dediquem al transport en general amb c\u00e0rregues completes. Duem a terme c\u00e0rregues i desc\u00e0rregues per tot Catalunya, Espanya o Europa a un nivell insuperable","robots":{"index":"index","follow":"follow","max-snippet":"max-snippet:-1","max-image-preview":"max-image-preview:large","max-video-preview":"max-video-preview:-1"},"canonical":"https:\/\/www.petitimitja.com\/ca\/empresa\/","og_locale":"ca_ES","og_type":"article","og_title":"Empresa, Petit i Mitj\u00e0 mudanzas","og_description":"Ens dediquem al transport en general amb c\u00e0rregues completes. Duem a terme c\u00e0rregues i desc\u00e0rregues per tot Catalunya, Espanya o Europa a un nivell insuperable","og_url":"https:\/\/www.petitimitja.com\/ca\/empresa\/","og_site_name":"Petit transport i mudances","article_publisher":"https:\/\/www.facebook.com\/pages\/Petit-i-Mitja-Transport\/169380896435834","article_modified_time":"2023-12-22T11:39:51+00:00","twitter_card":"summary_large_image","twitter_misc":{"Temps estimat de lectura":"2 minuts"},"schema":{"@context":"https:\/\/schema.org","@graph":[{"@type":"WebPage","@id":"https:\/\/www.petitimitja.com\/ca\/empresa\/","url":"https:\/\/www.petitimitja.com\/ca\/empresa\/","name":"Empresa, Petit i Mitj\u00e0 mudanzas","isPartOf":{"@id":"https:\/\/www.petitimitja.com\/#website"},"datePublished":"2016-05-10T16:50:12+00:00","dateModified":"2023-12-22T11:39:51+00:00","description":"Ens dediquem al transport en general amb c\u00e0rregues completes. Duem a terme c\u00e0rregues i desc\u00e0rregues per tot Catalunya, Espanya o Europa a un nivell insuperable","breadcrumb":{"@id":"https:\/\/www.petitimitja.com\/ca\/empresa\/#breadcrumb"},"inLanguage":"ca","potentialAction":[{"@type":"ReadAction","target":["https:\/\/www.petitimitja.com\/ca\/empresa\/"]}]},{"@type":"BreadcrumbList","@id":"https:\/\/www.petitimitja.com\/ca\/empresa\/#breadcrumb","itemListElement":[{"@type":"ListItem","position":1,"name":"Home","item":"https:\/\/www.petitimitja.com\/ca\/"},{"@type":"ListItem","position":2,"name":"Empresa"}]},{"@type":"WebSite","@id":"https:\/\/www.petitimitja.com\/#website","url":"https:\/\/www.petitimitja.com\/","name":"Petit transport i mudances","description":"Servicios de transporte para empresas y particulares","publisher":{"@id":"https:\/\/www.petitimitja.com\/#organization"},"potentialAction":[{"@type":"SearchAction","target":{"@type":"EntryPoint","urlTemplate":"https:\/\/www.petitimitja.com\/?s={search_term_string}"},"query-input":{"@type":"PropertyValueSpecification","valueRequired":true,"valueName":"search_term_string"}}],"inLanguage":"ca"},{"@type":"Organization","@id":"https:\/\/www.petitimitja.com\/#organization","name":"Cooperativa Petit i Mitj\u00e0","url":"https:\/\/www.petitimitja.com\/","logo":{"@type":"ImageObject","inLanguage":"ca","@id":"https:\/\/www.petitimitja.com\/#\/schema\/logo\/image\/","url":"https:\/\/www.petitimitja.com\/wp-content\/uploads\/2016\/03\/logo_petit_transport_i_mudances.png","contentUrl":"https:\/\/www.petitimitja.com\/wp-content\/uploads\/2016\/03\/logo_petit_transport_i_mudances.png","width":321,"height":126,"caption":"Cooperativa Petit i Mitj\u00e0"},"image":{"@id":"https:\/\/www.petitimitja.com\/#\/schema\/logo\/image\/"},"sameAs":["https:\/\/www.facebook.com\/pages\/Petit-i-Mitja-Transport\/169380896435834"]}]}},"_links":{"self":[{"href":"https:\/\/www.petitimitja.com\/ca\/wp-json\/wp\/v2\/pages\/237","targetHints":{"allow":["GET"]}}],"collection":[{"href":"https:\/\/www.petitimitja.com\/ca\/wp-json\/wp\/v2\/pages"}],"about":[{"href":"https:\/\/www.petitimitja.com\/ca\/wp-json\/wp\/v2\/types\/page"}],"author":[{"embeddable":true,"href":"https:\/\/www.petitimitja.com\/ca\/wp-json\/wp\/v2\/users\/2"}],"replies":[{"embeddable":true,"href":"https:\/\/www.petitimitja.com\/ca\/wp-json\/wp\/v2\/comments?post=237"}],"version-history":[{"count":6,"href":"https:\/\/www.petitimitja.com\/ca\/wp-json\/wp\/v2\/pages\/237\/revisions"}],"predecessor-version":[{"id":349,"href":"https:\/\/www.petitimitja.com\/ca\/wp-json\/wp\/v2\/pages\/237\/revisions\/349"}],"wp:attachment":[{"href":"https:\/\/www.petitimitja.com\/ca\/wp-json\/wp\/v2\/media?parent=237"}],"curies":[{"name":"wp","href":"https:\/\/api.w.org\/{rel}","templated":true}]}}